{"id":1122,"date":"2026-03-02T13:12:50","date_gmt":"2026-03-02T12:12:50","guid":{"rendered":"https:\/\/foodradars.crosss3.eu\/?post_type=event&#038;p=1122"},"modified":"2026-04-28T13:52:41","modified_gmt":"2026-04-28T11:52:41","slug":"design-emballages-agroalimentaires-durables","status":"publish","type":"event","link":"https:\/\/foodradars.crosss3.eu\/event\/design-emballages-agroalimentaires-durables\/","title":{"rendered":"Design &amp; emballages agroalimentaires durables"},"content":{"rendered":"<h3 class=\"wp-block-heading\" id=\"le-defi-de-rester-attractif-tout-en-respectant-la-reglementation-europeenne-ppwr\">Le d\u00e9fi de rester attractif tout en respectant la r\u00e9glementation europ\u00e9enne PPWR<\/h3>\n\n\n<p>Dans le cadre des projets <strong>Food RADARS<\/strong> et <strong>R-EU-Cycle<\/strong>, <strong>Hainaut D\u00e9veloppement<\/strong> organise une matin\u00e9e d\u2019\u00e9changes et de travail d\u00e9di\u00e9e aux <strong>entreprises agroalimentaires<\/strong>, autour des enjeux du <strong>design<\/strong>, des <strong>emballages durables<\/strong> et de la nouvelle r\u00e9glementation europ\u00e9enne <strong>PPWR<\/strong> (Packaging and Packaging Waste Regulation).<\/p>\n\n\n\n<p>\ud83d\udc49 <strong>Une opportunit\u00e9 unique de soumettre vos emballages \u00e0 des experts !<\/strong><\/p>\n\n\n\n<hr class=\"wp-block-separator has-alpha-channel-opacity\" \/>\n\n\n<h2 class=\"wp-block-heading\" id=\"objectifs-de-la-matinee\"> Objectifs de la matin\u00e9e<\/h2>\n\n\n<p>Dans un contexte de renforcement de la r\u00e9glementation europ\u00e9enne sur les emballages, les entreprises doivent relever plusieurs d\u00e9fis :<\/p>\n\n\n\n<ul class=\"wp-block-list\">\n<li>Assurer leur <strong>conformit\u00e9 r\u00e9glementaire<\/strong><\/li>\n\n\n\n<li>Adapter leurs <strong>choix de mat\u00e9riaux<\/strong><\/li>\n\n\n\n<li>Int\u00e9grer des crit\u00e8res de <strong>durabilit\u00e9<\/strong><\/li>\n\n\n\n<li>Maintenir leur <strong>attractivit\u00e9 et leur diff\u00e9renciation sur le march\u00e9<\/strong><\/li>\n<\/ul>\n\n\n\n<p>Cette rencontre vise \u00e0 :<\/p>\n\n\n\n<p>&#8211; Apporter des rep\u00e8res clairs et op\u00e9rationnels sur la r\u00e9glementation <strong>PPWR<\/strong><br>&#8211; Mettre en lumi\u00e8re le <strong>design graphique<\/strong> comme levier strat\u00e9gique<br>&#8211; Favoriser des \u00e9changes concrets avec des experts, \u00e0 partir de cas r\u00e9els et de vos propres emballages<\/p>\n\n\n\n<hr class=\"wp-block-separator has-alpha-channel-opacity\" \/>\n\n\n<h2 class=\"wp-block-heading\" id=\"informations-pratiques\"> Informations pratiques<\/h2>\n\n\n<p><strong>Date :<\/strong> mercredi 25 mars 2026<br><strong>Horaire :<\/strong> 09h00 \u2192 13h00<br><strong>Lieu :<\/strong> Hainaut D\u00e9veloppement<br>Boulevard Initialis 22 \u2013 7000 Mons<\/p>\n\n\n\n<p><strong>Participation :<\/strong> gratuite (dans le cadre des projets Interreg)<br>\u26a0\ufe0f Nombre de places limit\u00e9 \u2013 inscription obligatoire<br><strong>Public cible :<\/strong> entreprises agroalimentaires<\/p>\n\n\n\n<hr class=\"wp-block-separator has-alpha-channel-opacity\" \/>\n\n\n<h2 class=\"wp-block-heading\" id=\"au-programme\"> Au programme<\/h2>\n\n<h3 class=\"wp-block-heading\" id=\"1-le-design-comme-levier-de-differenciation\">1. Le design comme levier de diff\u00e9renciation<\/h3>\n\n\n<p><strong>Intervention de Wallonie Design<\/strong><\/p>\n\n\n\n<ul class=\"wp-block-list\">\n<li>Pourquoi un design graphique fort va au-del\u00e0 du simple contenant<\/li>\n\n\n\n<li>Bonnes pratiques et exemples concrets<\/li>\n\n\n\n<li>Pr\u00e9sentation de mat\u00e9riaux et d\u2019approches innovantes<\/li>\n<\/ul>\n\n\n\n<hr class=\"wp-block-separator has-alpha-channel-opacity\" \/>\n\n\n<h3 class=\"wp-block-heading\" id=\"2-nouvelle-reglementation-emballages-ppwr-ce-quil-faut-anticiper\">2. Nouvelle r\u00e9glementation emballages (PPWR) : ce qu\u2019il faut anticiper<\/h3>\n\n\n<p><strong>Intervention de Pack4Food<\/strong><\/p>\n\n\n\n<ul class=\"wp-block-list\">\n<li>Pr\u00e9sentation de la r\u00e9glementation europ\u00e9enne PPWR<\/li>\n\n\n\n<li>D\u00e9cryptage d\u2019une fiche de vulgarisation \u00e0 destination des entreprises<\/li>\n\n\n\n<li>Impacts concrets pour les emballages alimentaires<\/li>\n<\/ul>\n\n\n\n<hr class=\"wp-block-separator has-alpha-channel-opacity\" \/>\n\n\n<h3 class=\"wp-block-heading\" id=\"3-ateliers-tables-rondes-avec-des-experts\">3. Ateliers \u2013 tables rondes avec des experts<\/h3>\n\n\n<p>Avec <strong>Pack4Food<\/strong>, <strong>UGent<\/strong> et <strong>Euramaterials<\/strong><\/p>\n\n\n\n<p>Les entreprises sont invit\u00e9es \u00e0 :<\/p>\n\n\n\n<ul class=\"wp-block-list\">\n<li>Apporter des <strong>\u00e9chantillons de leurs emballages<\/strong><\/li>\n\n\n\n<li>Pr\u00e9senter leurs probl\u00e9matiques et d\u00e9fis<\/li>\n\n\n\n<li>\u00c9changer directement avec les experts en tenant compte des contraintes techniques, de march\u00e9 et r\u00e9glementaires<\/li>\n<\/ul>\n\n\n\n<hr class=\"wp-block-separator has-alpha-channel-opacity\" \/>\n\n\n<h2 class=\"wp-block-heading\" id=\"un-evenement-au-coeur-des-projets-food-radars-et-reucycle\">Un \u00e9v\u00e9nement au c\u0153ur des projets Food RADARS et R-EU-Cycle<\/h2>\n\n\n<p>Cette matin\u00e9e s\u2019inscrit pleinement dans la dynamique du projet <strong>Food RADARS<\/strong>, qui accompagne les entreprises agroalimentaires franco-belges vers davantage de <strong>r\u00e9silience, d\u2019innovation et de durabilit\u00e9<\/strong>.<\/p>\n\n\n\n<p>L\u2019\u00e9v\u00e9nement est organis\u00e9 en collaboration avec le projet Interreg R-EU-Cycle, avec le soutien de partenaires experts en design, emballages et innovation : <strong>Wagralim, Pack4Food, Euramaterials, UGent, Hainaut D\u00e9veloppement et Wallonie Design<\/strong>.<\/p>\n\n\n\n<hr class=\"wp-block-separator has-alpha-channel-opacity\" \/>\n\n\n<h2 class=\"wp-block-heading\" id=\"%25e2%259c%258d%25ef%25b8%258f-inscription\">\u270d\ufe0f Inscription<\/h2>\n\n\n<p> <strong><a href=\"https:\/\/docs.google.com\/forms\/d\/e\/1FAIpQLSd99F1sW0FYzaow8-cpyrr-QKXpTiCl4k7S-3CEKF9F8ZDpjw\/viewform\">Inscription obligatoire \u2013 nombre de places limit\u00e9<\/a><\/strong><\/p>\n\n\n\n<p>Pour toute information compl\u00e9mentaire :<\/p>\n\n\n\n<p><strong>Sylvain Lemaire<\/strong> \u2013 <a>sylvain.lemaire@hainaut.be<\/a><br>+32 (0) 65 342 618<\/p>\n\n\n\n<p><strong>Caroline PUCHE<\/strong> \u2013 <a>caroline.puche@hainaut.be<\/a><br>+32 (0) 65 342 619<\/p>\n\n\n\n<hr class=\"wp-block-separator has-alpha-channel-opacity\" \/>\n\n\n\n<p>En participant \u00e0 cette matin\u00e9e, vous b\u00e9n\u00e9ficierez d\u2019un \u00e9clairage concret et op\u00e9rationnel pour adapter vos emballages aux nouvelles exigences europ\u00e9ennes tout en renfor\u00e7ant l\u2019attractivit\u00e9 de vos produits sur le march\u00e9.<\/p>\n","protected":false},"featured_media":1123,"template":"","meta":{"_acf_changed":true,"inline_featured_image":false,"parent_blog_id":0},"event_category":[],"sector":[],"class_list":["post-1122","event","type-event","status-publish","has-post-thumbnail","hentry"],"acf":{"start_date":"20260325","end_date":"20260325","location":"Boulevard Initialis 22, 7000 Mons"},"yoast_head":"<!-- This site is optimized with the Yoast SEO plugin v27.0 - https:\/\/yoast.com\/product\/yoast-seo-wordpress\/ -->\n<title>Design &amp; emballages agroalimentaires durables - Food RADARS<\/title>\n<meta name=\"robots\" content=\"index, follow, max-snippet:-1, max-image-preview:large, max-video-preview:-1\" \/>\n<link rel=\"canonical\" href=\"https:\/\/foodradars.crosss3.eu\/event\/design-emballages-agroalimentaires-durables\/\" \/>\n<meta property=\"og:locale\" content=\"en_US\" \/>\n<meta property=\"og:type\" content=\"article\" \/>\n<meta property=\"og:title\" content=\"Design &amp; emballages agroalimentaires durables - Food RADARS\" \/>\n<meta property=\"og:description\" content=\"Le d\u00e9fi de rester attractif tout en respectant la r\u00e9glementation europ\u00e9enne PPWR Dans le cadre des projets Food RADARS et R-EU-Cycle, Hainaut D\u00e9veloppement organise une matin\u00e9e d\u2019\u00e9changes et de travail d\u00e9di\u00e9e aux entreprises agroalimentaires, autour des enjeux du design, des emballages durables et de la nouvelle r\u00e9glementation europ\u00e9enne PPWR (Packaging and Packaging Waste Regulation). \ud83d\udc49 [&hellip;]\" \/>\n<meta property=\"og:url\" content=\"https:\/\/foodradars.crosss3.eu\/event\/design-emballages-agroalimentaires-durables\/\" \/>\n<meta property=\"og:site_name\" content=\"Food RADARS\" \/>\n<meta property=\"article:modified_time\" content=\"2026-04-28T11:52:41+00:00\" \/>\n<meta property=\"og:image\" content=\"https:\/\/foodradars.crosss3.eu\/wp-content\/uploads\/sites\/3\/2026\/03\/c5f862f0b366882395bcdd2b1376d0ef1758470318be5fe81e5544556789e7fa.jpg\" \/>\n\t<meta property=\"og:image:width\" content=\"800\" \/>\n\t<meta property=\"og:image:height\" content=\"403\" \/>\n\t<meta property=\"og:image:type\" content=\"image\/jpeg\" \/>\n<meta name=\"twitter:card\" content=\"summary_large_image\" \/>\n<meta name=\"twitter:label1\" content=\"Est. reading time\" \/>\n\t<meta name=\"twitter:data1\" content=\"3 minutes\" \/>\n<script type=\"application\/ld+json\" class=\"yoast-schema-graph\">{\"@context\":\"https:\/\/schema.org\",\"@graph\":[{\"@type\":\"WebPage\",\"@id\":\"https:\/\/foodradars.crosss3.eu\/event\/design-emballages-agroalimentaires-durables\/\",\"url\":\"https:\/\/foodradars.crosss3.eu\/event\/design-emballages-agroalimentaires-durables\/\",\"name\":\"Design &amp; emballages agroalimentaires durables - Food RADARS\",\"isPartOf\":{\"@id\":\"https:\/\/foodradars.crosss3.eu\/#website\"},\"primaryImageOfPage\":{\"@id\":\"https:\/\/foodradars.crosss3.eu\/event\/design-emballages-agroalimentaires-durables\/#primaryimage\"},\"image\":{\"@id\":\"https:\/\/foodradars.crosss3.eu\/event\/design-emballages-agroalimentaires-durables\/#primaryimage\"},\"thumbnailUrl\":\"https:\/\/foodradars.crosss3.eu\/wp-content\/uploads\/sites\/3\/2026\/03\/c5f862f0b366882395bcdd2b1376d0ef1758470318be5fe81e5544556789e7fa.jpg\",\"datePublished\":\"2026-03-02T12:12:50+00:00\",\"dateModified\":\"2026-04-28T11:52:41+00:00\",\"breadcrumb\":{\"@id\":\"https:\/\/foodradars.crosss3.eu\/event\/design-emballages-agroalimentaires-durables\/#breadcrumb\"},\"inLanguage\":\"en-US\",\"potentialAction\":[{\"@type\":\"ReadAction\",\"target\":[\"https:\/\/foodradars.crosss3.eu\/event\/design-emballages-agroalimentaires-durables\/\"]}]},{\"@type\":\"ImageObject\",\"inLanguage\":\"en-US\",\"@id\":\"https:\/\/foodradars.crosss3.eu\/event\/design-emballages-agroalimentaires-durables\/#primaryimage\",\"url\":\"https:\/\/foodradars.crosss3.eu\/wp-content\/uploads\/sites\/3\/2026\/03\/c5f862f0b366882395bcdd2b1376d0ef1758470318be5fe81e5544556789e7fa.jpg\",\"contentUrl\":\"https:\/\/foodradars.crosss3.eu\/wp-content\/uploads\/sites\/3\/2026\/03\/c5f862f0b366882395bcdd2b1376d0ef1758470318be5fe81e5544556789e7fa.jpg\",\"width\":800,\"height\":403},{\"@type\":\"BreadcrumbList\",\"@id\":\"https:\/\/foodradars.crosss3.eu\/event\/design-emballages-agroalimentaires-durables\/#breadcrumb\",\"itemListElement\":[{\"@type\":\"ListItem\",\"position\":1,\"name\":\"Accueil\",\"item\":\"https:\/\/foodradars.crosss3.eu\/\"},{\"@type\":\"ListItem\",\"position\":2,\"name\":\"Design &amp; emballages agroalimentaires durables\"}]},{\"@type\":\"WebSite\",\"@id\":\"https:\/\/foodradars.crosss3.eu\/#website\",\"url\":\"https:\/\/foodradars.crosss3.eu\/\",\"name\":\"Food RADARS\",\"description\":\"Semer l\u2019innovation, Enraciner la r\u00e9silience, Inspirer la croissance\",\"publisher\":{\"@id\":\"https:\/\/foodradars.crosss3.eu\/#organization\"},\"potentialAction\":[{\"@type\":\"SearchAction\",\"target\":{\"@type\":\"EntryPoint\",\"urlTemplate\":\"https:\/\/foodradars.crosss3.eu\/?s={search_term_string}\"},\"query-input\":{\"@type\":\"PropertyValueSpecification\",\"valueRequired\":true,\"valueName\":\"search_term_string\"}}],\"inLanguage\":\"en-US\"},{\"@type\":\"Organization\",\"@id\":\"https:\/\/foodradars.crosss3.eu\/#organization\",\"name\":\"Food RADARS\",\"url\":\"https:\/\/foodradars.crosss3.eu\/\",\"logo\":{\"@type\":\"ImageObject\",\"inLanguage\":\"en-US\",\"@id\":\"https:\/\/foodradars.crosss3.eu\/#\/schema\/logo\/image\/\",\"url\":\"https:\/\/foodradars.crosss3.eu\/wp-content\/uploads\/sites\/3\/2025\/06\/logo-food-rvb.jpg\",\"contentUrl\":\"https:\/\/foodradars.crosss3.eu\/wp-content\/uploads\/sites\/3\/2025\/06\/logo-food-rvb.jpg\",\"width\":1496,\"height\":840,\"caption\":\"Food RADARS\"},\"image\":{\"@id\":\"https:\/\/foodradars.crosss3.eu\/#\/schema\/logo\/image\/\"}}]}<\/script>\n<!-- \/ Yoast SEO plugin. -->","yoast_head_json":{"title":"Design &amp; emballages agroalimentaires durables - Food RADARS","robots":{"index":"index","follow":"follow","max-snippet":"max-snippet:-1","max-image-preview":"max-image-preview:large","max-video-preview":"max-video-preview:-1"},"canonical":"https:\/\/foodradars.crosss3.eu\/event\/design-emballages-agroalimentaires-durables\/","og_locale":"en_US","og_type":"article","og_title":"Design &amp; emballages agroalimentaires durables - Food RADARS","og_description":"Le d\u00e9fi de rester attractif tout en respectant la r\u00e9glementation europ\u00e9enne PPWR Dans le cadre des projets Food RADARS et R-EU-Cycle, Hainaut D\u00e9veloppement organise une matin\u00e9e d\u2019\u00e9changes et de travail d\u00e9di\u00e9e aux entreprises agroalimentaires, autour des enjeux du design, des emballages durables et de la nouvelle r\u00e9glementation europ\u00e9enne PPWR (Packaging and Packaging Waste Regulation). \ud83d\udc49 [&hellip;]","og_url":"https:\/\/foodradars.crosss3.eu\/event\/design-emballages-agroalimentaires-durables\/","og_site_name":"Food RADARS","article_modified_time":"2026-04-28T11:52:41+00:00","og_image":[{"width":800,"height":403,"url":"https:\/\/foodradars.crosss3.eu\/wp-content\/uploads\/sites\/3\/2026\/03\/c5f862f0b366882395bcdd2b1376d0ef1758470318be5fe81e5544556789e7fa.jpg","type":"image\/jpeg"}],"twitter_card":"summary_large_image","twitter_misc":{"Est. reading time":"3 minutes"},"schema":{"@context":"https:\/\/schema.org","@graph":[{"@type":"WebPage","@id":"https:\/\/foodradars.crosss3.eu\/event\/design-emballages-agroalimentaires-durables\/","url":"https:\/\/foodradars.crosss3.eu\/event\/design-emballages-agroalimentaires-durables\/","name":"Design &amp; emballages agroalimentaires durables - Food RADARS","isPartOf":{"@id":"https:\/\/foodradars.crosss3.eu\/#website"},"primaryImageOfPage":{"@id":"https:\/\/foodradars.crosss3.eu\/event\/design-emballages-agroalimentaires-durables\/#primaryimage"},"image":{"@id":"https:\/\/foodradars.crosss3.eu\/event\/design-emballages-agroalimentaires-durables\/#primaryimage"},"thumbnailUrl":"https:\/\/foodradars.crosss3.eu\/wp-content\/uploads\/sites\/3\/2026\/03\/c5f862f0b366882395bcdd2b1376d0ef1758470318be5fe81e5544556789e7fa.jpg","datePublished":"2026-03-02T12:12:50+00:00","dateModified":"2026-04-28T11:52:41+00:00","breadcrumb":{"@id":"https:\/\/foodradars.crosss3.eu\/event\/design-emballages-agroalimentaires-durables\/#breadcrumb"},"inLanguage":"en-US","potentialAction":[{"@type":"ReadAction","target":["https:\/\/foodradars.crosss3.eu\/event\/design-emballages-agroalimentaires-durables\/"]}]},{"@type":"ImageObject","inLanguage":"en-US","@id":"https:\/\/foodradars.crosss3.eu\/event\/design-emballages-agroalimentaires-durables\/#primaryimage","url":"https:\/\/foodradars.crosss3.eu\/wp-content\/uploads\/sites\/3\/2026\/03\/c5f862f0b366882395bcdd2b1376d0ef1758470318be5fe81e5544556789e7fa.jpg","contentUrl":"https:\/\/foodradars.crosss3.eu\/wp-content\/uploads\/sites\/3\/2026\/03\/c5f862f0b366882395bcdd2b1376d0ef1758470318be5fe81e5544556789e7fa.jpg","width":800,"height":403},{"@type":"BreadcrumbList","@id":"https:\/\/foodradars.crosss3.eu\/event\/design-emballages-agroalimentaires-durables\/#breadcrumb","itemListElement":[{"@type":"ListItem","position":1,"name":"Accueil","item":"https:\/\/foodradars.crosss3.eu\/"},{"@type":"ListItem","position":2,"name":"Design &amp; emballages agroalimentaires durables"}]},{"@type":"WebSite","@id":"https:\/\/foodradars.crosss3.eu\/#website","url":"https:\/\/foodradars.crosss3.eu\/","name":"Food RADARS","description":"Semer l\u2019innovation, Enraciner la r\u00e9silience, Inspirer la croissance","publisher":{"@id":"https:\/\/foodradars.crosss3.eu\/#organization"},"potentialAction":[{"@type":"SearchAction","target":{"@type":"EntryPoint","urlTemplate":"https:\/\/foodradars.crosss3.eu\/?s={search_term_string}"},"query-input":{"@type":"PropertyValueSpecification","valueRequired":true,"valueName":"search_term_string"}}],"inLanguage":"en-US"},{"@type":"Organization","@id":"https:\/\/foodradars.crosss3.eu\/#organization","name":"Food RADARS","url":"https:\/\/foodradars.crosss3.eu\/","logo":{"@type":"ImageObject","inLanguage":"en-US","@id":"https:\/\/foodradars.crosss3.eu\/#\/schema\/logo\/image\/","url":"https:\/\/foodradars.crosss3.eu\/wp-content\/uploads\/sites\/3\/2025\/06\/logo-food-rvb.jpg","contentUrl":"https:\/\/foodradars.crosss3.eu\/wp-content\/uploads\/sites\/3\/2025\/06\/logo-food-rvb.jpg","width":1496,"height":840,"caption":"Food RADARS"},"image":{"@id":"https:\/\/foodradars.crosss3.eu\/#\/schema\/logo\/image\/"}}]}},"_links":{"self":[{"href":"https:\/\/foodradars.crosss3.eu\/en\/wp-json\/wp\/v2\/event\/1122","targetHints":{"allow":["GET"]}}],"collection":[{"href":"https:\/\/foodradars.crosss3.eu\/en\/wp-json\/wp\/v2\/event"}],"about":[{"href":"https:\/\/foodradars.crosss3.eu\/en\/wp-json\/wp\/v2\/types\/event"}],"wp:featuredmedia":[{"embeddable":true,"href":"https:\/\/foodradars.crosss3.eu\/en\/wp-json\/wp\/v2\/media\/1123"}],"wp:attachment":[{"href":"https:\/\/foodradars.crosss3.eu\/en\/wp-json\/wp\/v2\/media?parent=1122"}],"wp:term":[{"taxonomy":"event_category","embeddable":true,"href":"https:\/\/foodradars.crosss3.eu\/en\/wp-json\/wp\/v2\/event_category?post=1122"},{"taxonomy":"sector","embeddable":true,"href":"https:\/\/foodradars.crosss3.eu\/en\/wp-json\/wp\/v2\/sector?post=1122"}],"curies":[{"name":"wp","href":"https:\/\/api.w.org\/{rel}","templated":true}]}}