{"id":874,"date":"2025-11-20T09:00:05","date_gmt":"2025-11-20T08:00:05","guid":{"rendered":"https:\/\/foodradars.crosss3.eu\/?post_type=event&#038;p=874"},"modified":"2026-01-29T16:22:23","modified_gmt":"2026-01-29T15:22:23","slug":"village-gourmet-franco-belge-a-tavola-2026","status":"publish","type":"event","link":"https:\/\/foodradars.crosss3.eu\/event\/village-gourmet-franco-belge-a-tavola-2026\/","title":{"rendered":"Village Gourmet Franco-Belge \u00e0 Tavola 2026"},"content":{"rendered":"<h2 class=\"wp-block-heading\" id=\"tavola-2026-candidatez-pour-exposer-sur-le-village-gourmet-francobelge-food-radars\"><strong>Tavola 2026 : Candidatez pour exposer sur le Village Gourmet Franco-Belge Food RADARS !<\/strong><\/h2>\n\n\n<p>Le projet Interreg <strong>Food RADARS<\/strong> coordonne la cr\u00e9ation d\u2019un <strong>Village Gourmet franco-belge<\/strong> au sein du salon professionnel international <strong>Tavola 2026<\/strong>, l\u2019un des \u00e9v\u00e9nements majeurs europ\u00e9ens d\u00e9di\u00e9s \u00e0 l\u2019<strong>\u00e9picerie fine<\/strong>, aux <strong>produits premium<\/strong> et \u00e0 l\u2019innovation alimentaire.<\/p>\n\n\n\n<p>\ud83d\udcc5 <strong>Du 15 au 17 mars 2026<\/strong><br>\ud83d\udccd <strong>Kortrijk Xpo \u2013 Courtrai<\/strong> (Belgique)<\/p>\n\n\n<h3 class=\"wp-block-heading\" id=\"un-pavillon-transfrontalier-de-31-espaces-dexposition\"><strong>Un pavillon transfrontalier de 31 espaces d\u2019exposition<\/strong><\/h3>\n\n\n<p>Dans ce Village Gourmet, les entreprises agroalimentaires fran\u00e7aises, wallonnes et flamandes auront l\u2019opportunit\u00e9 de :<\/p>\n\n\n\n<ul class=\"wp-block-list\">\n<li>exposer dans un <strong>stand cl\u00e9 en main<\/strong> \u00e0 <strong>tarif pr\u00e9f\u00e9rentiel<\/strong>,<\/li>\n\n\n\n<li>b\u00e9n\u00e9ficier d\u2019une <strong>visibilit\u00e9 renforc\u00e9e<\/strong> au sein d\u2019un pavillon collectif,<\/li>\n\n\n\n<li>participer \u00e0 un \u00e9v\u00e9nement r\u00e9put\u00e9 pour la qualit\u00e9 de son visitorat international,<\/li>\n\n\n\n<li>d\u00e9velopper des contacts commerciaux concrets avec acheteurs, distributeurs et acteurs de l\u2019horeca.<\/li>\n<\/ul>\n\n\n\n<p>Les stands propos\u00e9s vont du <strong>desk start-up (2,5 m\u00b2)<\/strong> aux espaces de <strong>6, 9 ou 12 m\u00b2<\/strong>, avec r\u00e9serves communes.<br>Certaines options d\u2019extension sont possibles selon la demande.<\/p>\n\n\n<h3 class=\"wp-block-heading\" id=\"inscriptions-ouvertes-jusquau-20-novembre-2025-a-12h\"><strong>Inscriptions ouvertes jusqu\u2019au 20 novembre 2025 \u00e0 12h<\/strong><\/h3>\n\n\n<p>\ud83d\udc49 <a href=\"https:\/\/foodradars.crosss3.eu\/wp-content\/uploads\/sites\/3\/2025\/11\/Tavola-2026-DOSSIER-DINSCRIPTION.pdf\">Le dossier complet de candidature est disponible ici<\/a><br>\ud83d\udc49 Les demandes seront analys\u00e9es selon plusieurs crit\u00e8res, dont l\u2019ordre d\u2019arriv\u00e9e des formulaires complets.<\/p>\n\n\n<h3 class=\"wp-block-heading\" id=\"besoin-de-plus-dinformations\"><strong>Besoin de plus d\u2019informations ?<\/strong><\/h3>\n\n\n<p>\ud83d\udce7 <a href=\"mailto:sylvain.lemaire@hainaut.be\">sylvain.lemaire@hainaut.be<\/a><br>\ud83d\udce7 <a href=\"mailto:caroline.puche@hainaut.be\">caroline.puche@hainaut.be<\/a><\/p>\n","protected":false},"featured_media":875,"template":"","meta":{"_acf_changed":true,"inline_featured_image":false,"parent_blog_id":0},"event_category":[34,33,32],"sector":[76],"class_list":["post-874","event","type-event","status-publish","has-post-thumbnail","hentry","event_category-link","event_category-networking","event_category-salon-professionnel","sector-alimentation-durable-14-2"],"acf":{"start_date":"20260315","end_date":"20260317","location":"Kortrijk Xpo, Doorniksesteenweg 216, 8500 Kortrijk (Belgique\/Belgi\u00eb)"},"yoast_head":"<!-- This site is optimized with the Yoast SEO plugin v27.0 - https:\/\/yoast.com\/product\/yoast-seo-wordpress\/ -->\n<title>Village Gourmet Franco-Belge \u00e0 Tavola 2026 - Food RADARS<\/title>\n<meta name=\"robots\" content=\"index, follow, max-snippet:-1, max-image-preview:large, max-video-preview:-1\" \/>\n<link rel=\"canonical\" href=\"https:\/\/foodradars.crosss3.eu\/event\/village-gourmet-franco-belge-a-tavola-2026\/\" \/>\n<meta property=\"og:locale\" content=\"en_US\" \/>\n<meta property=\"og:type\" content=\"article\" \/>\n<meta property=\"og:title\" content=\"Village Gourmet Franco-Belge \u00e0 Tavola 2026 - Food RADARS\" \/>\n<meta property=\"og:description\" content=\"Tavola 2026 : Candidatez pour exposer sur le Village Gourmet Franco-Belge Food RADARS ! Le projet Interreg Food RADARS coordonne la cr\u00e9ation d\u2019un Village Gourmet franco-belge au sein du salon professionnel international Tavola 2026, l\u2019un des \u00e9v\u00e9nements majeurs europ\u00e9ens d\u00e9di\u00e9s \u00e0 l\u2019\u00e9picerie fine, aux produits premium et \u00e0 l\u2019innovation alimentaire. \ud83d\udcc5 Du 15 au 17 [&hellip;]\" \/>\n<meta property=\"og:url\" content=\"https:\/\/foodradars.crosss3.eu\/event\/village-gourmet-franco-belge-a-tavola-2026\/\" \/>\n<meta property=\"og:site_name\" content=\"Food RADARS\" \/>\n<meta property=\"article:modified_time\" content=\"2026-01-29T15:22:23+00:00\" \/>\n<meta property=\"og:image\" content=\"https:\/\/foodradars.crosss3.eu\/wp-content\/uploads\/sites\/3\/2025\/11\/3867115766863577596.jpg\" \/>\n\t<meta property=\"og:image:width\" content=\"500\" \/>\n\t<meta property=\"og:image:height\" content=\"261\" \/>\n\t<meta property=\"og:image:type\" content=\"image\/jpeg\" \/>\n<meta name=\"twitter:card\" content=\"summary_large_image\" \/>\n<meta name=\"twitter:label1\" content=\"Est. reading time\" \/>\n\t<meta name=\"twitter:data1\" content=\"2 minutes\" \/>\n<script type=\"application\/ld+json\" class=\"yoast-schema-graph\">{\"@context\":\"https:\/\/schema.org\",\"@graph\":[{\"@type\":\"WebPage\",\"@id\":\"https:\/\/foodradars.crosss3.eu\/event\/village-gourmet-franco-belge-a-tavola-2026\/\",\"url\":\"https:\/\/foodradars.crosss3.eu\/event\/village-gourmet-franco-belge-a-tavola-2026\/\",\"name\":\"Village Gourmet Franco-Belge \u00e0 Tavola 2026 - Food RADARS\",\"isPartOf\":{\"@id\":\"https:\/\/foodradars.crosss3.eu\/#website\"},\"primaryImageOfPage\":{\"@id\":\"https:\/\/foodradars.crosss3.eu\/event\/village-gourmet-franco-belge-a-tavola-2026\/#primaryimage\"},\"image\":{\"@id\":\"https:\/\/foodradars.crosss3.eu\/event\/village-gourmet-franco-belge-a-tavola-2026\/#primaryimage\"},\"thumbnailUrl\":\"https:\/\/foodradars.crosss3.eu\/wp-content\/uploads\/sites\/3\/2025\/11\/3867115766863577596.jpg\",\"datePublished\":\"2025-11-20T08:00:05+00:00\",\"dateModified\":\"2026-01-29T15:22:23+00:00\",\"breadcrumb\":{\"@id\":\"https:\/\/foodradars.crosss3.eu\/event\/village-gourmet-franco-belge-a-tavola-2026\/#breadcrumb\"},\"inLanguage\":\"en-US\",\"potentialAction\":[{\"@type\":\"ReadAction\",\"target\":[\"https:\/\/foodradars.crosss3.eu\/event\/village-gourmet-franco-belge-a-tavola-2026\/\"]}]},{\"@type\":\"ImageObject\",\"inLanguage\":\"en-US\",\"@id\":\"https:\/\/foodradars.crosss3.eu\/event\/village-gourmet-franco-belge-a-tavola-2026\/#primaryimage\",\"url\":\"https:\/\/foodradars.crosss3.eu\/wp-content\/uploads\/sites\/3\/2025\/11\/3867115766863577596.jpg\",\"contentUrl\":\"https:\/\/foodradars.crosss3.eu\/wp-content\/uploads\/sites\/3\/2025\/11\/3867115766863577596.jpg\",\"width\":500,\"height\":261},{\"@type\":\"BreadcrumbList\",\"@id\":\"https:\/\/foodradars.crosss3.eu\/event\/village-gourmet-franco-belge-a-tavola-2026\/#breadcrumb\",\"itemListElement\":[{\"@type\":\"ListItem\",\"position\":1,\"name\":\"Accueil\",\"item\":\"https:\/\/foodradars.crosss3.eu\/\"},{\"@type\":\"ListItem\",\"position\":2,\"name\":\"Village Gourmet Franco-Belge \u00e0 Tavola 2026\"}]},{\"@type\":\"WebSite\",\"@id\":\"https:\/\/foodradars.crosss3.eu\/#website\",\"url\":\"https:\/\/foodradars.crosss3.eu\/\",\"name\":\"Food RADARS\",\"description\":\"Semer l\u2019innovation, Enraciner la r\u00e9silience, Inspirer la croissance\",\"publisher\":{\"@id\":\"https:\/\/foodradars.crosss3.eu\/#organization\"},\"potentialAction\":[{\"@type\":\"SearchAction\",\"target\":{\"@type\":\"EntryPoint\",\"urlTemplate\":\"https:\/\/foodradars.crosss3.eu\/?s={search_term_string}\"},\"query-input\":{\"@type\":\"PropertyValueSpecification\",\"valueRequired\":true,\"valueName\":\"search_term_string\"}}],\"inLanguage\":\"en-US\"},{\"@type\":\"Organization\",\"@id\":\"https:\/\/foodradars.crosss3.eu\/#organization\",\"name\":\"Food RADARS\",\"url\":\"https:\/\/foodradars.crosss3.eu\/\",\"logo\":{\"@type\":\"ImageObject\",\"inLanguage\":\"en-US\",\"@id\":\"https:\/\/foodradars.crosss3.eu\/#\/schema\/logo\/image\/\",\"url\":\"https:\/\/foodradars.crosss3.eu\/wp-content\/uploads\/sites\/3\/2025\/06\/logo-food-rvb.jpg\",\"contentUrl\":\"https:\/\/foodradars.crosss3.eu\/wp-content\/uploads\/sites\/3\/2025\/06\/logo-food-rvb.jpg\",\"width\":1496,\"height\":840,\"caption\":\"Food RADARS\"},\"image\":{\"@id\":\"https:\/\/foodradars.crosss3.eu\/#\/schema\/logo\/image\/\"}}]}<\/script>\n<!-- \/ Yoast SEO plugin. -->","yoast_head_json":{"title":"Village Gourmet Franco-Belge \u00e0 Tavola 2026 - Food RADARS","robots":{"index":"index","follow":"follow","max-snippet":"max-snippet:-1","max-image-preview":"max-image-preview:large","max-video-preview":"max-video-preview:-1"},"canonical":"https:\/\/foodradars.crosss3.eu\/event\/village-gourmet-franco-belge-a-tavola-2026\/","og_locale":"en_US","og_type":"article","og_title":"Village Gourmet Franco-Belge \u00e0 Tavola 2026 - Food RADARS","og_description":"Tavola 2026 : Candidatez pour exposer sur le Village Gourmet Franco-Belge Food RADARS ! Le projet Interreg Food RADARS coordonne la cr\u00e9ation d\u2019un Village Gourmet franco-belge au sein du salon professionnel international Tavola 2026, l\u2019un des \u00e9v\u00e9nements majeurs europ\u00e9ens d\u00e9di\u00e9s \u00e0 l\u2019\u00e9picerie fine, aux produits premium et \u00e0 l\u2019innovation alimentaire. \ud83d\udcc5 Du 15 au 17 [&hellip;]","og_url":"https:\/\/foodradars.crosss3.eu\/event\/village-gourmet-franco-belge-a-tavola-2026\/","og_site_name":"Food RADARS","article_modified_time":"2026-01-29T15:22:23+00:00","og_image":[{"width":500,"height":261,"url":"https:\/\/foodradars.crosss3.eu\/wp-content\/uploads\/sites\/3\/2025\/11\/3867115766863577596.jpg","type":"image\/jpeg"}],"twitter_card":"summary_large_image","twitter_misc":{"Est. reading time":"2 minutes"},"schema":{"@context":"https:\/\/schema.org","@graph":[{"@type":"WebPage","@id":"https:\/\/foodradars.crosss3.eu\/event\/village-gourmet-franco-belge-a-tavola-2026\/","url":"https:\/\/foodradars.crosss3.eu\/event\/village-gourmet-franco-belge-a-tavola-2026\/","name":"Village Gourmet Franco-Belge \u00e0 Tavola 2026 - Food RADARS","isPartOf":{"@id":"https:\/\/foodradars.crosss3.eu\/#website"},"primaryImageOfPage":{"@id":"https:\/\/foodradars.crosss3.eu\/event\/village-gourmet-franco-belge-a-tavola-2026\/#primaryimage"},"image":{"@id":"https:\/\/foodradars.crosss3.eu\/event\/village-gourmet-franco-belge-a-tavola-2026\/#primaryimage"},"thumbnailUrl":"https:\/\/foodradars.crosss3.eu\/wp-content\/uploads\/sites\/3\/2025\/11\/3867115766863577596.jpg","datePublished":"2025-11-20T08:00:05+00:00","dateModified":"2026-01-29T15:22:23+00:00","breadcrumb":{"@id":"https:\/\/foodradars.crosss3.eu\/event\/village-gourmet-franco-belge-a-tavola-2026\/#breadcrumb"},"inLanguage":"en-US","potentialAction":[{"@type":"ReadAction","target":["https:\/\/foodradars.crosss3.eu\/event\/village-gourmet-franco-belge-a-tavola-2026\/"]}]},{"@type":"ImageObject","inLanguage":"en-US","@id":"https:\/\/foodradars.crosss3.eu\/event\/village-gourmet-franco-belge-a-tavola-2026\/#primaryimage","url":"https:\/\/foodradars.crosss3.eu\/wp-content\/uploads\/sites\/3\/2025\/11\/3867115766863577596.jpg","contentUrl":"https:\/\/foodradars.crosss3.eu\/wp-content\/uploads\/sites\/3\/2025\/11\/3867115766863577596.jpg","width":500,"height":261},{"@type":"BreadcrumbList","@id":"https:\/\/foodradars.crosss3.eu\/event\/village-gourmet-franco-belge-a-tavola-2026\/#breadcrumb","itemListElement":[{"@type":"ListItem","position":1,"name":"Accueil","item":"https:\/\/foodradars.crosss3.eu\/"},{"@type":"ListItem","position":2,"name":"Village Gourmet Franco-Belge \u00e0 Tavola 2026"}]},{"@type":"WebSite","@id":"https:\/\/foodradars.crosss3.eu\/#website","url":"https:\/\/foodradars.crosss3.eu\/","name":"Food RADARS","description":"Semer l\u2019innovation, Enraciner la r\u00e9silience, Inspirer la croissance","publisher":{"@id":"https:\/\/foodradars.crosss3.eu\/#organization"},"potentialAction":[{"@type":"SearchAction","target":{"@type":"EntryPoint","urlTemplate":"https:\/\/foodradars.crosss3.eu\/?s={search_term_string}"},"query-input":{"@type":"PropertyValueSpecification","valueRequired":true,"valueName":"search_term_string"}}],"inLanguage":"en-US"},{"@type":"Organization","@id":"https:\/\/foodradars.crosss3.eu\/#organization","name":"Food RADARS","url":"https:\/\/foodradars.crosss3.eu\/","logo":{"@type":"ImageObject","inLanguage":"en-US","@id":"https:\/\/foodradars.crosss3.eu\/#\/schema\/logo\/image\/","url":"https:\/\/foodradars.crosss3.eu\/wp-content\/uploads\/sites\/3\/2025\/06\/logo-food-rvb.jpg","contentUrl":"https:\/\/foodradars.crosss3.eu\/wp-content\/uploads\/sites\/3\/2025\/06\/logo-food-rvb.jpg","width":1496,"height":840,"caption":"Food RADARS"},"image":{"@id":"https:\/\/foodradars.crosss3.eu\/#\/schema\/logo\/image\/"}}]}},"_links":{"self":[{"href":"https:\/\/foodradars.crosss3.eu\/en\/wp-json\/wp\/v2\/event\/874","targetHints":{"allow":["GET"]}}],"collection":[{"href":"https:\/\/foodradars.crosss3.eu\/en\/wp-json\/wp\/v2\/event"}],"about":[{"href":"https:\/\/foodradars.crosss3.eu\/en\/wp-json\/wp\/v2\/types\/event"}],"wp:featuredmedia":[{"embeddable":true,"href":"https:\/\/foodradars.crosss3.eu\/en\/wp-json\/wp\/v2\/media\/875"}],"wp:attachment":[{"href":"https:\/\/foodradars.crosss3.eu\/en\/wp-json\/wp\/v2\/media?parent=874"}],"wp:term":[{"taxonomy":"event_category","embeddable":true,"href":"https:\/\/foodradars.crosss3.eu\/en\/wp-json\/wp\/v2\/event_category?post=874"},{"taxonomy":"sector","embeddable":true,"href":"https:\/\/foodradars.crosss3.eu\/en\/wp-json\/wp\/v2\/sector?post=874"}],"curies":[{"name":"wp","href":"https:\/\/api.w.org\/{rel}","templated":true}]}}